{"id":2886,"date":"2017-09-20T12:27:57","date_gmt":"2017-09-20T10:27:57","guid":{"rendered":"https:\/\/www.ramoncanals.com\/producte\/vi-siana-do-montsant-tinto\/"},"modified":"2026-02-27T21:40:09","modified_gmt":"2026-02-27T20:40:09","slug":"vi-siana-do-montsant-tinto","status":"publish","type":"product","link":"https:\/\/www.ramoncanals.com\/tienda\/es\/producte\/vi-siana-do-montsant-tinto\/","title":{"rendered":"Vino Siana Terrer DO Montsant 2024"},"content":{"rendered":"<h3><span style=\"color: #ff0000;\">ZONA DE CULTIVO DE LA UVA: D.O. MONTSANT<\/span><\/h3>\n<ul>\n<li><strong>Regi\u00f3n:<\/strong> D.O. Montsant. <strong>Subregi\u00f3n<\/strong>: Els Guiamets.<\/li>\n<li><strong>Clima<\/strong>: mediterr\u00e1neo con cierta continentalidad. El efecto del monte que protege parcialmente de la influencia mar\u00edtima, se<br \/>\ntraduce en un contraste bastante acusado entre las temperaturas de d\u00eda y de noche en el momento de la maduraci\u00f3n de la uva.<\/li>\n<li><strong>Suelo<\/strong>: arcilloso con buena capacidad de retenci\u00f3n de agua, licorella y suelos francos de arena y limo.<\/li>\n<li><strong>Altitud de plantaci\u00f3n de los vi\u00f1edos<\/strong>: 280m (Garnacha) y 320m (Cari\u00f1ena).<\/li>\n<li><strong>Pluviometr\u00eda<\/strong>: 355l\/m2 de media anual.<\/li>\n<\/ul>\n<h3><span style=\"color: #ff0000;\">ELABORACI\u00d3N DEL VINO<\/span><\/h3>\n<ul>\n<li><strong>Cosecha<\/strong>: Vendimia: vendimia manual, el 10 de septiembre la Garnacha y el 17 de septiembre la Cari\u00f1ena.<\/li>\n<li><strong>Prensado de la uva y fermentaci\u00f3n<\/strong>: una vez la uva llega a la bodega es derrapada y estrujada. Posterior maceraci\u00f3n en<br \/>\nfr\u00edo con ligera extracci\u00f3n seguida de la maceraci\u00f3n-fermentaci\u00f3n. Despu\u00e9s el vino realiza la fermentaci\u00f3n malol\u00e1ctica y reposa en barricas de roble americano y franc\u00e9s durante 9 meses.<\/li>\n<li><strong>Cupaje<\/strong>: Garnacha y Cari\u00f1ena.<\/li>\n<li><strong>Temperatura de fermentaci\u00f3n<\/strong>: 15-18 \u00baC.<\/li>\n<li><strong>Tipo de roble<\/strong>: americano y franc\u00e9s de 2 vinos de 225 L de capacidad.<\/li>\n<li><strong>Tiempo de crianza<\/strong>: 9 meses.<\/li>\n<\/ul>\n<h3><span style=\"color: #ff0000;\">CATA Y MARIDAJE<\/span><\/h3>\n<p>Siana Terrer presenta un color rojo intenso con ligeros tonos violeta. En nariz presenta un intenso y elegante aroma de frutos rojos y negros maduros y confitados, con ligeras notas bals\u00e1micas y anisadas complementadas con delicados aromas que le confiere la barrica de roble. En boca es redondo, agradable, largo y potente, con un postgusto donde aparecen notas de especies.<\/p>\n<p>Recomendado para acompa\u00f1ar carnes blancas y rojas (aves, guisados y asados), legumbres y quesos. Servir a una<br \/>\ntemperatura de entre 14-16\u00baC.<\/p>\n<p>Ramon Canals<br \/>\nPropietario y En\u00f3logo<\/p>\n","protected":false},"excerpt":{"rendered":"<h3><span style=\"color: #ff0000;\">TINTO 2024 \u2022 DO MONTSANT<\/span><\/h3>\n<p>Las variedades de uva Garnacha y Cari\u00f1ena plantadas en el municipio de Els Guiamets (Priorat), son la base para la elaboraci\u00f3n del vino tinto SIANA TERRER.<br \/>\nDespu\u00e9s de una selecci\u00f3n de parcelas y una crianza de 9 meses en barrica de roble americano y franc\u00e9s, tenemos un vino complejo con un buen equilibrio arom\u00e1tico entre los aromas de fruta roja y negra madura con las elegantes notas de la crianza en barrica de roble.<\/p>\n<ul>\n<li><span style=\"color: #282828;\"><strong>MEDALLA DE ORO &#8211; INTERNATIONAL WINE AWARDS 2023<\/strong><\/span><\/li>\n<li><span style=\"color: #282828;\"><strong>91 PUNTOS A\u00d1ADA 2021 &amp; DOBLE MEDALLA DE ORO &#8211; GILBERT &amp; GAILLARD 2023<\/strong><\/span><\/li>\n<li><span style=\"color: #282828;\"><strong>MEDALLA DE ORO &#8211; CATAVINUM WORLD WINES &amp; SPIRITS COMPETITION 2021<\/strong><\/span><\/li>\n<\/ul>\n","protected":false},"featured_media":5994,"comment_status":"open","ping_status":"closed","template":"","meta":[],"product_brand":[],"product_cat":[121,120,123],"product_tag":[],"class_list":{"0":"post-2886","1":"product","2":"type-product","3":"status-publish","4":"has-post-thumbnail","6":"product_cat-do-montsant-es","7":"product_cat-unique-vins-do-montsant-doq-priorat-es","8":"product_cat-vi-negre-es","10":"first","11":"instock","12":"taxable","13":"shipping-taxable","14":"purchasable","15":"product-type-simple"},"yoast_head":"<!-- This site is optimized with the Yoast SEO plugin v26.2 - https:\/\/yoast.com\/wordpress\/plugins\/seo\/ -->\n<title>Vino Siana Terrer DO Montsant 2024 | Celler Ramon Canals<\/title>\n<meta name=\"robots\" content=\"index, follow, max-snippet:-1, max-image-preview:large, max-video-preview:-1\" \/>\n<link rel=\"canonical\" href=\"https:\/\/www.ramoncanals.com\/tienda\/es\/producte\/vi-siana-do-montsant-tinto\/\" \/>\n<meta property=\"og:locale\" content=\"es_ES\" \/>\n<meta property=\"og:type\" content=\"article\" \/>\n<meta property=\"og:title\" content=\"Vino Siana Terrer DO Montsant 2024 | Celler Ramon Canals\" \/>\n<meta property=\"og:description\" content=\"TINTO 2024 \u2022 DO MONTSANT Las variedades de uva Garnacha y Cari\u00f1ena plantadas en el municipio de Els Guiamets (Priorat), son la base para la elaboraci\u00f3n del vino tinto SIANA TERRER. Despu\u00e9s de una selecci\u00f3n de parcelas y una crianza de 9 meses en barrica de roble americano y franc\u00e9s, tenemos un vino complejo con un buen equilibrio arom\u00e1tico entre los aromas de fruta roja y negra madura con las elegantes notas de la crianza en barrica de roble.   MEDALLA DE ORO - INTERNATIONAL WINE AWARDS 2023  91 PUNTOS A\u00d1ADA 2021 &amp; DOBLE MEDALLA DE ORO - GILBERT &amp; GAILLARD 2023  MEDALLA DE ORO - CATAVINUM WORLD WINES &amp; SPIRITS COMPETITION 2021\" \/>\n<meta property=\"og:url\" content=\"https:\/\/www.ramoncanals.com\/tienda\/es\/producte\/vi-siana-do-montsant-tinto\/\" \/>\n<meta property=\"og:site_name\" content=\"Celler Ramon Canals\" \/>\n<meta property=\"article:modified_time\" content=\"2026-02-27T20:40:09+00:00\" \/>\n<meta property=\"og:image\" content=\"https:\/\/www.ramoncanals.com\/tienda\/wp-content\/uploads\/2017\/09\/SIANA-2020-DO-MONTSANT-ok.jpg\" \/>\n\t<meta property=\"og:image:width\" content=\"1013\" \/>\n\t<meta property=\"og:image:height\" content=\"1350\" \/>\n\t<meta property=\"og:image:type\" content=\"image\/jpeg\" \/>\n<meta name=\"twitter:card\" content=\"summary_large_image\" \/>\n<meta name=\"twitter:label1\" content=\"Tiempo de lectura\" \/>\n\t<meta name=\"twitter:data1\" content=\"2 minutos\" \/>\n<script type=\"application\/ld+json\" class=\"yoast-schema-graph\">{\"@context\":\"https:\/\/schema.org\",\"@graph\":[{\"@type\":\"WebPage\",\"@id\":\"https:\/\/www.ramoncanals.com\/tienda\/es\/producte\/vi-siana-do-montsant-tinto\/\",\"url\":\"https:\/\/www.ramoncanals.com\/tienda\/es\/producte\/vi-siana-do-montsant-tinto\/\",\"name\":\"Vino Siana Terrer DO Montsant 2024 | Celler Ramon Canals\",\"isPartOf\":{\"@id\":\"https:\/\/www.ramoncanals.com\/tienda\/es\/#website\"},\"primaryImageOfPage\":{\"@id\":\"https:\/\/www.ramoncanals.com\/tienda\/es\/producte\/vi-siana-do-montsant-tinto\/#primaryimage\"},\"image\":{\"@id\":\"https:\/\/www.ramoncanals.com\/tienda\/es\/producte\/vi-siana-do-montsant-tinto\/#primaryimage\"},\"thumbnailUrl\":\"https:\/\/www.ramoncanals.com\/tienda\/wp-content\/uploads\/2017\/09\/SIANA-2020-DO-MONTSANT-ok.jpg\",\"datePublished\":\"2017-09-20T10:27:57+00:00\",\"dateModified\":\"2026-02-27T20:40:09+00:00\",\"breadcrumb\":{\"@id\":\"https:\/\/www.ramoncanals.com\/tienda\/es\/producte\/vi-siana-do-montsant-tinto\/#breadcrumb\"},\"inLanguage\":\"es\",\"potentialAction\":[{\"@type\":\"ReadAction\",\"target\":[\"https:\/\/www.ramoncanals.com\/tienda\/es\/producte\/vi-siana-do-montsant-tinto\/\"]}]},{\"@type\":\"ImageObject\",\"inLanguage\":\"es\",\"@id\":\"https:\/\/www.ramoncanals.com\/tienda\/es\/producte\/vi-siana-do-montsant-tinto\/#primaryimage\",\"url\":\"https:\/\/www.ramoncanals.com\/tienda\/wp-content\/uploads\/2017\/09\/SIANA-2020-DO-MONTSANT-ok.jpg\",\"contentUrl\":\"https:\/\/www.ramoncanals.com\/tienda\/wp-content\/uploads\/2017\/09\/SIANA-2020-DO-MONTSANT-ok.jpg\",\"width\":1013,\"height\":1350},{\"@type\":\"BreadcrumbList\",\"@id\":\"https:\/\/www.ramoncanals.com\/tienda\/es\/producte\/vi-siana-do-montsant-tinto\/#breadcrumb\",\"itemListElement\":[{\"@type\":\"ListItem\",\"position\":1,\"name\":\"Inici\",\"item\":\"https:\/\/www.ramoncanals.com\/tienda\/es\/\"},{\"@type\":\"ListItem\",\"position\":2,\"name\":\"Tienda Online de Vinos i Cavas &#8211; Celler Ramon Canals\",\"item\":\"https:\/\/www.ramoncanals.com\/tienda\/es\/shop\/\"},{\"@type\":\"ListItem\",\"position\":3,\"name\":\"Vino Siana Terrer DO Montsant 2024\"}]},{\"@type\":\"WebSite\",\"@id\":\"https:\/\/www.ramoncanals.com\/tienda\/es\/#website\",\"url\":\"https:\/\/www.ramoncanals.com\/tienda\/es\/\",\"name\":\"Celler Ramon Canals\",\"description\":\"Tenda Online de Cava\",\"potentialAction\":[{\"@type\":\"SearchAction\",\"target\":{\"@type\":\"EntryPoint\",\"urlTemplate\":\"https:\/\/www.ramoncanals.com\/tienda\/es\/?s={search_term_string}\"},\"query-input\":{\"@type\":\"PropertyValueSpecification\",\"valueRequired\":true,\"valueName\":\"search_term_string\"}}],\"inLanguage\":\"es\"}]}<\/script>\n<!-- \/ Yoast SEO plugin. -->","yoast_head_json":{"title":"Vino Siana Terrer DO Montsant 2024 | Celler Ramon Canals","robots":{"index":"index","follow":"follow","max-snippet":"max-snippet:-1","max-image-preview":"max-image-preview:large","max-video-preview":"max-video-preview:-1"},"canonical":"https:\/\/www.ramoncanals.com\/tienda\/es\/producte\/vi-siana-do-montsant-tinto\/","og_locale":"es_ES","og_type":"article","og_title":"Vino Siana Terrer DO Montsant 2024 | Celler Ramon Canals","og_description":"TINTO 2024 \u2022 DO MONTSANT Las variedades de uva Garnacha y Cari\u00f1ena plantadas en el municipio de Els Guiamets (Priorat), son la base para la elaboraci\u00f3n del vino tinto SIANA TERRER. Despu\u00e9s de una selecci\u00f3n de parcelas y una crianza de 9 meses en barrica de roble americano y franc\u00e9s, tenemos un vino complejo con un buen equilibrio arom\u00e1tico entre los aromas de fruta roja y negra madura con las elegantes notas de la crianza en barrica de roble.   MEDALLA DE ORO - INTERNATIONAL WINE AWARDS 2023  91 PUNTOS A\u00d1ADA 2021 &amp; DOBLE MEDALLA DE ORO - GILBERT &amp; GAILLARD 2023  MEDALLA DE ORO - CATAVINUM WORLD WINES &amp; SPIRITS COMPETITION 2021","og_url":"https:\/\/www.ramoncanals.com\/tienda\/es\/producte\/vi-siana-do-montsant-tinto\/","og_site_name":"Celler Ramon Canals","article_modified_time":"2026-02-27T20:40:09+00:00","og_image":[{"width":1013,"height":1350,"url":"https:\/\/www.ramoncanals.com\/tienda\/wp-content\/uploads\/2017\/09\/SIANA-2020-DO-MONTSANT-ok.jpg","type":"image\/jpeg"}],"twitter_card":"summary_large_image","twitter_misc":{"Tiempo de lectura":"2 minutos"},"schema":{"@context":"https:\/\/schema.org","@graph":[{"@type":"WebPage","@id":"https:\/\/www.ramoncanals.com\/tienda\/es\/producte\/vi-siana-do-montsant-tinto\/","url":"https:\/\/www.ramoncanals.com\/tienda\/es\/producte\/vi-siana-do-montsant-tinto\/","name":"Vino Siana Terrer DO Montsant 2024 | Celler Ramon Canals","isPartOf":{"@id":"https:\/\/www.ramoncanals.com\/tienda\/es\/#website"},"primaryImageOfPage":{"@id":"https:\/\/www.ramoncanals.com\/tienda\/es\/producte\/vi-siana-do-montsant-tinto\/#primaryimage"},"image":{"@id":"https:\/\/www.ramoncanals.com\/tienda\/es\/producte\/vi-siana-do-montsant-tinto\/#primaryimage"},"thumbnailUrl":"https:\/\/www.ramoncanals.com\/tienda\/wp-content\/uploads\/2017\/09\/SIANA-2020-DO-MONTSANT-ok.jpg","datePublished":"2017-09-20T10:27:57+00:00","dateModified":"2026-02-27T20:40:09+00:00","breadcrumb":{"@id":"https:\/\/www.ramoncanals.com\/tienda\/es\/producte\/vi-siana-do-montsant-tinto\/#breadcrumb"},"inLanguage":"es","potentialAction":[{"@type":"ReadAction","target":["https:\/\/www.ramoncanals.com\/tienda\/es\/producte\/vi-siana-do-montsant-tinto\/"]}]},{"@type":"ImageObject","inLanguage":"es","@id":"https:\/\/www.ramoncanals.com\/tienda\/es\/producte\/vi-siana-do-montsant-tinto\/#primaryimage","url":"https:\/\/www.ramoncanals.com\/tienda\/wp-content\/uploads\/2017\/09\/SIANA-2020-DO-MONTSANT-ok.jpg","contentUrl":"https:\/\/www.ramoncanals.com\/tienda\/wp-content\/uploads\/2017\/09\/SIANA-2020-DO-MONTSANT-ok.jpg","width":1013,"height":1350},{"@type":"BreadcrumbList","@id":"https:\/\/www.ramoncanals.com\/tienda\/es\/producte\/vi-siana-do-montsant-tinto\/#breadcrumb","itemListElement":[{"@type":"ListItem","position":1,"name":"Inici","item":"https:\/\/www.ramoncanals.com\/tienda\/es\/"},{"@type":"ListItem","position":2,"name":"Tienda Online de Vinos i Cavas &#8211; Celler Ramon Canals","item":"https:\/\/www.ramoncanals.com\/tienda\/es\/shop\/"},{"@type":"ListItem","position":3,"name":"Vino Siana Terrer DO Montsant 2024"}]},{"@type":"WebSite","@id":"https:\/\/www.ramoncanals.com\/tienda\/es\/#website","url":"https:\/\/www.ramoncanals.com\/tienda\/es\/","name":"Celler Ramon Canals","description":"Tenda Online de Cava","potentialAction":[{"@type":"SearchAction","target":{"@type":"EntryPoint","urlTemplate":"https:\/\/www.ramoncanals.com\/tienda\/es\/?s={search_term_string}"},"query-input":{"@type":"PropertyValueSpecification","valueRequired":true,"valueName":"search_term_string"}}],"inLanguage":"es"}]}},"_links":{"self":[{"href":"https:\/\/www.ramoncanals.com\/tienda\/es\/wp-json\/wp\/v2\/product\/2886","targetHints":{"allow":["GET"]}}],"collection":[{"href":"https:\/\/www.ramoncanals.com\/tienda\/es\/wp-json\/wp\/v2\/product"}],"about":[{"href":"https:\/\/www.ramoncanals.com\/tienda\/es\/wp-json\/wp\/v2\/types\/product"}],"replies":[{"embeddable":true,"href":"https:\/\/www.ramoncanals.com\/tienda\/es\/wp-json\/wp\/v2\/comments?post=2886"}],"wp:featuredmedia":[{"embeddable":true,"href":"https:\/\/www.ramoncanals.com\/tienda\/es\/wp-json\/wp\/v2\/media\/5994"}],"wp:attachment":[{"href":"https:\/\/www.ramoncanals.com\/tienda\/es\/wp-json\/wp\/v2\/media?parent=2886"}],"wp:term":[{"taxonomy":"product_brand","embeddable":true,"href":"https:\/\/www.ramoncanals.com\/tienda\/es\/wp-json\/wp\/v2\/product_brand?post=2886"},{"taxonomy":"product_cat","embeddable":true,"href":"https:\/\/www.ramoncanals.com\/tienda\/es\/wp-json\/wp\/v2\/product_cat?post=2886"},{"taxonomy":"product_tag","embeddable":true,"href":"https:\/\/www.ramoncanals.com\/tienda\/es\/wp-json\/wp\/v2\/product_tag?post=2886"}],"curies":[{"name":"wp","href":"https:\/\/api.w.org\/{rel}","templated":true}]}}