{"id":2738,"date":"2016-07-21T09:16:04","date_gmt":"2016-07-21T07:16:04","guid":{"rendered":"https:\/\/www.ramoncanals.com\/inici\/"},"modified":"2026-07-24T09:39:01","modified_gmt":"2026-07-24T07:39:01","slug":"ramon-canals","status":"publish","type":"page","link":"https:\/\/www.ramoncanals.com\/es\/","title":{"rendered":"Inicio"},"content":{"rendered":"<div class=\"wpb-content-wrapper\"><p>[vc_row full_width=\u00bbstretch_row_content_no_spaces\u00bb full_height=\u00bbyes\u00bb content_placement=\u00bbmiddle\u00bb bg_type=\u00bbbg_color\u00bb bg_override=\u00bbfull\u00bb css=\u00bb.vc_custom_1784704057338{padding-top: 245px !important;padding-bottom: 245px !important;background-image: url(https:\/\/www.ramoncanals.com\/wp-content\/uploads\/2025\/07\/marta_violet_estiu_2024_02_low_res.jpg?id=121901) !important;background-position: center !important;background-repeat: no-repeat !important;background-size: cover !important;}\u00bb bg_color_value=\u00bb#00000000&#8243;][vc_column width=\u00bb1\/4&#8243;]<div style=\"width:;\" class=\"cqtooltip-wrapper hide_on_mobile\" data-opacity=\"1\" data-tooltipanimation=\"grow\" data-tooltipstyle=\"light\" data-trigger=\"\" data-maxwidth=\"210\" data-marginoffset=\"\" data-isdisplayall=\"off\" data-displayednum=\"1\"><img decoding=\"async\" src=\"\" alt=\"\" \/><div class=\"cq-hotspots\"><div class=\"hotspot-item pulse-white \" style=\"top:60%;left:20%;\" data-top=\"60%\" data-left=\"20%\"><a href=\"#\" class=\"cq-tooltip\" style=\"background:#a7955d;\" data-tooltip=\"\n[vc_single_image image=\u00bb123347&amp;#8243; img_size=\u00bb270&amp;#215;230&amp;#8243; alignment=\u00bbcenter\u00bb][vc_column_text scheme=\u00bbdark\u00bb]&lt;\/p&gt;\n&lt;p style=&quot;text-align: center; color: #a7955d!important;&quot;&gt;&lt;span class=&quot;trx_addons_dark&quot; style=&quot;color: #a7955d!important;&quot;&gt;&lt;a href=&quot;https:\/\/www.ramoncanals.com\/es\/categoria-producte\/duran-do-cava-es\/duran-es\/&quot;&gt;DURAN GRAN RESERVA&lt;\/a&gt;&lt;\/span&gt;&lt;br \/&gt;\n&lt;span class=&quot;trx_addons_accent trx_addons_tiny_text&quot; style=&quot;color: #a7955d!important;&quot;&gt;DO CAVA&lt;\/span&gt;&lt;br \/&gt;\n&lt;span class=&quot;trx_addons_dark trx_addons_tiny_text&quot; style=&quot;color: #a7955d!important;&quot;&gt;&lt;a href=&quot;https:\/\/www.ramoncanals.com\/es\/categoria-producte\/duran-do-cava-es\/duran-es\/&quot;&gt;Ver m\u00e1s&lt;\/a&gt;&lt;\/span&gt;&lt;\/p&gt;\n&lt;p&gt;[\/vc_column_text]\" data-arrowposition=\"\"><span style=\"background:#ffffff;\"><\/span><\/a><\/div><div class=\"hotspot-item pulse-white \" style=\"top:80%;left:90%;\" data-top=\"80%\" data-left=\"90%\"><a href=\"#\" class=\"cq-tooltip\" style=\"background:#a7955d;\" data-tooltip=\"\n[vc_single_image image=\u00bb122112&amp;#8243; img_size=\u00bb270&amp;#215;230&amp;#8243; alignment=\u00bbcenter\u00bb][vc_column_text scheme=\u00bbdark\u00bb]&lt;\/p&gt;\n&lt;p style=&quot;text-align: center; color: #a7955d!important;&quot;&gt;&lt;span class=&quot;trx_addons_dark&quot; style=&quot;color: #a7955d!important;&quot;&gt;&lt;a href=&quot;https:\/\/www.ramoncanals.com\/es\/categoria-producte\/marta-do-cava-do-penedes-es\/marta-es\/&quot;&gt;MARTA&lt;\/a&gt;&lt;\/span&gt;&lt;br \/&gt;\n&lt;span class=&quot;trx_addons_accent trx_addons_tiny_text&quot; style=&quot;color: #a7955d!important;&quot;&gt;DO CAVA \u2022 DO PENED\u00c9S&lt;\/span&gt;&lt;br \/&gt;\n&lt;span class=&quot;trx_addons_dark trx_addons_tiny_text&quot; style=&quot;color: #a7955d!important;&quot;&gt;&lt;a href=&quot;https:\/\/www.ramoncanals.com\/es\/categoria-producte\/marta-do-cava-do-penedes-es\/marta-es\/&quot;&gt;Ver m\u00e1s&lt;\/a&gt;&lt;\/span&gt;&lt;\/p&gt;\n&lt;p&gt;[\/vc_column_text]\" data-arrowposition=\"top\"><span style=\"background:#ffffff;\"><\/span><\/a><\/div><\/div><\/div>[\/vc_column][vc_column width=\u00bb1\/2&#8243;][vc_empty_space height=\u00bb\u00bb alter_height=\u00bbhuge\u00bb hide_on_mobile=\u00bb\u00bb][vc_empty_space height=\u00bb\u00bb alter_height=\u00bbhuge\u00bb hide_on_mobile=\u00bb\u00bb][vc_column_text css=\u00bb.vc_custom_1784704456731{margin-right: 3em !important;margin-left: 3em !important;}\u00bb]<\/p>\n<p style=\"max-width: 1050px; margin: 0 auto; padding: 10px 24px; text-align: center; font-size: clamp(15px, 1.05vw, 18px); font-weight: 600; letter-spacing: 1px; line-height: 1.6em; color: #fffdf7; text-shadow: 0 1px 2px rgba(0, 0, 0, 0.7);\">LA FAMILIA CANALS CANALS LES DA LA BIENVENIDA A NUESTRAS BODEGAS Y AL MUSEO DEL VINO RAM\u00d3N CANALS, DONDE PODR\u00c1N DESCUBRIR NUESTRA HISTORIA Y PASI\u00d3N POR EL VINO.<\/p>\n<p>[\/vc_column_text][vc_empty_space height=\u00bb\u00bb alter_height=\u00bbhuge\u00bb hide_on_mobile=\u00bb\u00bb][vc_empty_space height=\u00bb\u00bb alter_height=\u00bbhuge\u00bb hide_on_mobile=\u00bb\u00bb][\/vc_column][vc_column width=\u00bb1\/4&#8243;]<div style=\"width:;\" class=\"cqtooltip-wrapper hide_on_mobile\" data-opacity=\"1\" data-tooltipanimation=\"grow\" data-tooltipstyle=\"light\" data-trigger=\"\" data-maxwidth=\"210\" data-marginoffset=\"\" data-isdisplayall=\"off\" data-displayednum=\"1\"><img decoding=\"async\" src=\"\" alt=\"\" \/><div class=\"cq-hotspots\"><div class=\"hotspot-item pulse-white \" style=\"top:35%;left:10%;\" data-top=\"35%\" data-left=\"10%\"><a href=\"#\" class=\"cq-tooltip\" style=\"background:#a7955d;\" data-tooltip=\"\n[vc_single_image image=\u00bb123348&amp;#8243; img_size=\u00bb270&amp;#215;230&amp;#8243; alignment=\u00bbcenter\u00bb][vc_column_text scheme=\u00bbdark\u00bb]&lt;\/p&gt;\n&lt;p style=&quot;text-align: center;&quot;&gt;&lt;span class=&quot;trx_addons_dark&quot; style=&quot;color: #a7955d!important;&quot;&gt;&lt;a href=&quot;https:\/\/www.ramoncanals.com\/es\/categoria-producte\/ramon-canals-do-cava-do-penedes-es\/ramon-canals-es\/&quot;&gt;RAMON CANALS&lt;\/a&gt;&lt;\/span&gt;&lt;br \/&gt;\n&lt;span class=&quot;trx_addons_accent trx_addons_tiny_text&quot; style=&quot;color: #a7955d!important;&quot;&gt;DO CAVA \u2022 DO PENED\u00c9S&lt;\/span&gt;&lt;br \/&gt;\n&lt;span class=&quot;trx_addons_dark trx_addons_tiny_text&quot; style=&quot;color: #a7955d!important;&quot;&gt;&lt;a href=&quot;https:\/\/www.ramoncanals.com\/es\/categoria-producte\/ramon-canals-do-cava-do-penedes-es\/ramon-canals-es\/&quot;&gt;Ver m\u00e1s&lt;\/a&gt;&lt;\/span&gt;&lt;\/p&gt;\n&lt;p&gt;[\/vc_column_text]\" data-arrowposition=\"\"><span style=\"background:#ffffff;\"><\/span><\/a><\/div><div class=\"hotspot-item pulse-white \" style=\"top:60%;left:65%;\" data-top=\"60%\" data-left=\"65%\"><a href=\"#\" class=\"cq-tooltip\" style=\"background:#a7955d;\" data-tooltip=\"\n[vc_single_image image=\u00bb123349&amp;#8243; img_size=\u00bb270&amp;#215;230&amp;#8243; alignment=\u00bbcenter\u00bb][vc_column_text scheme=\u00bbdark\u00bb]&lt;\/p&gt;\n&lt;p style=&quot;text-align: center;&quot;&gt;&lt;span class=&quot;trx_addons_dark&quot; style=&quot;color: #a7955d!important;&quot;&gt;&lt;a href=&quot;https:\/\/www.ramoncanals.com\/es\/producte\/vi-siana-do-montsant-tinto\/&quot;&gt;UNIQUE VINS&lt;\/a&gt;&lt;\/span&gt;&lt;br \/&gt;\n&lt;span class=&quot;trx_addons_accent trx_addons_tiny_text&quot; style=&quot;color: #a7955d!important;&quot;&gt;DO MONTSANT \/ DOQ PRIORAT&lt;\/span&gt;&lt;br \/&gt;\n&lt;span class=&quot;trx_addons_dark trx_addons_tiny_text&quot; style=&quot;color: #a7955d!important;&quot;&gt;&lt;a href=&quot;https:\/\/www.ramoncanals.com\/es\/producte\/vi-siana-do-montsant-tinto\/&quot;&gt;Ver m\u00e1s&lt;\/a&gt;&lt;\/span&gt;&lt;\/p&gt;\n&lt;p&gt;[\/vc_column_text]\" data-arrowposition=\"top\"><span style=\"background:#ffffff;\"><\/span><\/a><\/div><\/div><\/div>[\/vc_column][\/vc_row][vc_row full_width=\u00bbstretch_row_content_no_spaces\u00bb full_height=\u00bbyes\u00bb columns_placement=\u00bbstretch\u00bb content_placement=\u00bbmiddle\u00bb css=\u00bb.vc_custom_1466087475749{background-color: #ffffff !important;}\u00bb][vc_column]\n<div\n\t\tclass=\"sc_promo sc_promo_default sc_promo_size_large\"\n\t>\n\t\n\t\t<div\n\t\t\tclass=\"sc_promo_image\"\n\t\t\tstyle=\"background-image:url(https:\/\/www.ramoncanals.com\/wp-content\/uploads\/2026\/06\/PEQUE-OK-1-2.jpg);width:50%;left:0;\"\n\t\t><\/div>\n\n\t\n\t\n\t\n\t\t<div\n\t\t\tclass=\"sc_promo_text trx_addons_stretch_height\"\n\t\t\tstyle=\"width:50%;float:right;\"\n\t\t>\n\t\t\t<div\n\t\t\t\tclass=\"sc_promo_text_inner sc_align_center\"\n\t\t\t\tstyle=\"\"\n\t\t\t>\n\t\t\t\t\n\t\t\t\t<h2 class=\"sc_item_title sc_promo_title\">SOMOS LA FAMILIA CANALS CANALS<\/h2><div class=\"sc_item_descr sc_promo_descr\">Os damos la bienvenida a nuestras bodegas y a nuestro museo del vino y del cava Ramon Canals, uno de los mejores museos del vino privados de Europa que re\u00fane m\u00e1s de 5000 piezas del mundo de la vi\u00f1a, del vino y del cava desde el 4000 a.C. hasta el s.XX.<\/p>\n<p>Nuestra bodega principal construida con t\u00edpica vuelta catalana, fue fundada el a\u00f1o 1903 y est\u00e1 situada en Castellv\u00ed de Rosanes, peque\u00f1a poblaci\u00f3n a 30 km de Barcelona y que pertenece a la DO Pened\u00e8s y a la DO Cava.<\/p>\n<p>La familia tambi\u00e9n elaboramos vinos en la DO Montsant y en la DOQ Priorat, dos regiones catalanas que han conseguido gran reconocimiento y prestigio en los \u00faltimos a\u00f1os.<\/div>\n\t\t\t\t\n\t\t\t\t<div class=\"sc_item_button sc_promo_button sc_button_wrap\"><a href=\"https:\/\/www.ramoncanals.com\/contacts\/\"\n\t \n\tclass=\"sc_button sc_button_simple sc_button_size_normal sc_button_icon_top\"\n\t\t><span class=\"sc_button_icon\"><span class=\"icon-down-big\"><\/span><\/span><span class=\"sc_button_text\"><span class=\"sc_button_title\">Vis\u00edtanos<\/span><\/span><!-- \/.sc_button_text --><\/a><!-- \/.sc_button --><\/div><!-- \/.sc_item_button sc_promo_button -->\t\t\t<\/div>\n\t\t<\/div>\n\n\t\n\t<\/div>[\/vc_column][\/vc_row][vc_row full_width=\u00bbstretch_row_content_no_spaces\u00bb full_height=\u00bbyes\u00bb content_placement=\u00bbmiddle\u00bb][vc_column width=\u00bb1\/2&#8243;]\n<div\n\t\tclass=\"sc_promo sc_promo_default sc_promo_size_large sc_promo_no_image\"\n\t>\n\t\n\t\n\t\n\t\t<div\n\t\t\tclass=\"sc_promo_text trx_addons_stretch_height\"\n\t\t\tstyle=\"width:100%;\"\n\t\t>\n\t\t\t<div\n\t\t\t\tclass=\"sc_promo_text_inner sc_align_center\"\n\t\t\t\tstyle=\"\"\n\t\t\t>\n\t\t\t\t\n\t\t\t\t<h2 class=\"sc_item_title sc_promo_title\">VINOS Y CAVAS ECOL\u00d3GICOS<\/h2><div class=\"sc_item_descr sc_promo_descr\">Todos nuestros vinos y cavas han sido elaborados a partir de vi\u00f1edos de agricultura ecol\u00f3gica y del mosto flor de la uva.<\/p>\n<p>Han sido sometidos a controles de Calidad exigentes y su conservaci\u00f3n ha sido \u00f3ptima para llegar con excelentes propiedades a sus manos mediante los mejores distribuidores especializados.<\/p>\n<p>Elaboramos en 4 Denominaciones de Origen diferentes: DO Cava, DO Pened\u00e9s, DOQ Priorat y DO Montsant.<\/div>\n\t\t\t\t\n\t\t\t\t<div class=\"sc_item_button sc_promo_button sc_button_wrap\"><a href=\"https:\/\/www.ramoncanals.com\/vins-i-caves\/\"\n\t \n\tclass=\"sc_button sc_button_simple sc_button_size_normal sc_button_icon_top\"\n\t\t><span class=\"sc_button_icon\"><span class=\"icon-down-big\"><\/span><\/span><span class=\"sc_button_text\"><span class=\"sc_button_title\">DESCUBRE LA COLECCI\u00d3N<\/span><\/span><!-- \/.sc_button_text --><\/a><!-- \/.sc_button --><\/div><!-- \/.sc_item_button sc_promo_button -->\t\t\t<\/div>\n\t\t<\/div>\n\n\t\n\t<\/div>[\/vc_column][vc_column width=\u00bb1\/2&#8243;]<div id=\"sc_content_150201378\"\n\t\tclass=\"sc_content sc_content_default\n\t\t\t\t\t\t\t\t\t home_products\t\t\t\t\t\t\t\t\t\"\n\t\t><div class=\"sc_content_container\"><div class=\"woocommerce columns-2 \"><ul class=\"products columns-2\">\n<li class=\"product type-product post-2863 status-publish first instock product_cat-cava-gran-reserva-caves-brut-es product_cat-duran-es product_cat-duran-do-cava-es has-post-thumbnail shipping-taxable purchasable product-type-simple\">\n\t\t\t<div class=\"post_item post_layout_thumbs\">\n\t\t\t<div class=\"post_featured hover_shop\">\n\t\t\t\t<a href=\"https:\/\/www.ramoncanals.com\/es\/producte\/cava-duran-5v-gran-reserva-brut\/\">\n\t\t<img loading=\"lazy\" decoding=\"async\" width=\"1013\" height=\"1350\" src=\"https:\/\/www.ramoncanals.com\/wp-content\/uploads\/2017\/10\/DURAN-5V-GRAN-RESERVA-2012-BRUT-ok.jpg\" class=\"attachment-woocommerce_thumbnail size-woocommerce_thumbnail\" alt=\"Duran 5V Gran Reserva Ecol\u00f3gico 2021\" \/>\t\t\t\t<\/a>\n\t\t\t\t<div class=\"mask\"><\/div>\n\t\t\t\t\t\t\t<div class=\"icons\">\n                <div class=\"test\">\n                    <a rel=\"nofollow\" href=\"\/es\/wp-json\/wp\/v2\/pages\/2738?add-to-cart=2863\" \n                                                            aria-hidden=\"true\" \n                                                            data-quantity=\"1\" \n                                                            data-product_id=\"2863\"\n                                                            data-product_sku=\"Duran_5V\"\n                                                            class=\"shop_cart icon-shopping-cart button add_to_cart_button product_type_simple ajax_add_to_cart\"><\/a>\n\t\t\t\t<a href=\"https:\/\/www.ramoncanals.com\/es\/producte\/cava-duran-5v-gran-reserva-brut\/\" aria-hidden=\"true\" class=\"shop_link icon-link\"><\/a>\n                <\/div>\n\t\t\t<\/div>\n\t\t\t\t\t\t<\/div><!-- \/.post_featured -->\n\t\t\t<div class=\"post_data\">\n\t\t\t\t<div class=\"post_header entry-header\">\n\t\t\t\t<h2 class=\"woocommerce-loop-product__title\"><a href=\"https:\/\/www.ramoncanals.com\/es\/producte\/cava-duran-5v-gran-reserva-brut\/\">Duran 5V Gran Reserva Ecol\u00f3gico 2021<\/a><\/h2>\t\t\t<\/div><!-- \/.post_header -->\n\t\t\n\t<span class=\"price\"><span class=\"woocommerce-Price-amount amount\"><bdi>30<span class=\"decimals\">00<\/span><span class=\"woocommerce-Price-currencySymbol\" translate=\"no\">&euro;<\/span><\/bdi><\/span><\/span>\n<a href=\"\/es\/wp-json\/wp\/v2\/pages\/2738?add-to-cart=2863\" aria-describedby=\"woocommerce_loop_add_to_cart_link_describedby_2863\" data-quantity=\"1\" class=\"button product_type_simple add_to_cart_button ajax_add_to_cart\" data-product_id=\"2863\" data-product_sku=\"Duran_5V\" aria-label=\"A\u00f1adir al carrito: &ldquo;Duran 5V Gran Reserva Ecol\u00f3gico 2021&rdquo;\" rel=\"nofollow\" data-success_message=\"\u00abDuran 5V Gran Reserva Ecol\u00f3gico 2021\u00bb se ha a\u00f1adido a tu carrito\" role=\"button\">Buy now<\/a>\t<span id=\"woocommerce_loop_add_to_cart_link_describedby_2863\" class=\"screen-reader-text\">\n\t\t\t<\/span>\n\t\t\t<\/div><!-- \/.post_data -->\n\t\t<\/div><!-- \/.post_item -->\n\t\t<\/li>\n<li class=\"product type-product post-2884 status-publish last instock product_cat-cava-reserva-es product_cat-caves-brut-es product_cat-marta-es product_cat-marta-do-cava-do-penedes-es has-post-thumbnail shipping-taxable purchasable product-type-simple\">\n\t\t\t<div class=\"post_item post_layout_thumbs\">\n\t\t\t<div class=\"post_featured hover_shop\">\n\t\t\t\t<a href=\"https:\/\/www.ramoncanals.com\/es\/producte\/passio-reserva-brut\/\">\n\t\t<img loading=\"lazy\" decoding=\"async\" width=\"1013\" height=\"1350\" src=\"https:\/\/www.ramoncanals.com\/wp-content\/uploads\/2017\/10\/MARTA-PASSIO-RESERVA-Brut-ok.jpg\" class=\"attachment-woocommerce_thumbnail size-woocommerce_thumbnail\" alt=\"MARTA PASSI\u00d3 ECOL\u00d3GICO RESERVA 2022 Brut\" \/>\t\t\t\t<\/a>\n\t\t\t\t<div class=\"mask\"><\/div>\n\t\t\t\t\t\t\t<div class=\"icons\">\n                <div class=\"test\">\n                    <a rel=\"nofollow\" href=\"\/es\/wp-json\/wp\/v2\/pages\/2738?add-to-cart=2884\" \n                                                            aria-hidden=\"true\" \n                                                            data-quantity=\"1\" \n                                                            data-product_id=\"2884\"\n                                                            data-product_sku=\"MARTA_PASSIO\"\n                                                            class=\"shop_cart icon-shopping-cart button add_to_cart_button product_type_simple ajax_add_to_cart\"><\/a>\n\t\t\t\t<a href=\"https:\/\/www.ramoncanals.com\/es\/producte\/passio-reserva-brut\/\" aria-hidden=\"true\" class=\"shop_link icon-link\"><\/a>\n                <\/div>\n\t\t\t<\/div>\n\t\t\t\t\t\t<\/div><!-- \/.post_featured -->\n\t\t\t<div class=\"post_data\">\n\t\t\t\t<div class=\"post_header entry-header\">\n\t\t\t\t<h2 class=\"woocommerce-loop-product__title\"><a href=\"https:\/\/www.ramoncanals.com\/es\/producte\/passio-reserva-brut\/\">MARTA PASSI\u00d3 ECOL\u00d3GICO RESERVA 2022 Brut<\/a><\/h2>\t\t\t<\/div><!-- \/.post_header -->\n\t\t\n\t<span class=\"price\"><span class=\"woocommerce-Price-amount amount\"><bdi>5<span class=\"decimals\">00<\/span><span class=\"woocommerce-Price-currencySymbol\" translate=\"no\">&euro;<\/span><\/bdi><\/span><\/span>\n<a href=\"\/es\/wp-json\/wp\/v2\/pages\/2738?add-to-cart=2884\" aria-describedby=\"woocommerce_loop_add_to_cart_link_describedby_2884\" data-quantity=\"1\" class=\"button product_type_simple add_to_cart_button ajax_add_to_cart\" data-product_id=\"2884\" data-product_sku=\"MARTA_PASSIO\" aria-label=\"A\u00f1adir al carrito: &ldquo;MARTA PASSI\u00d3 ECOL\u00d3GICO RESERVA 2022 Brut&rdquo;\" rel=\"nofollow\" data-success_message=\"\u00abMARTA PASSI\u00d3 ECOL\u00d3GICO RESERVA 2022 Brut\u00bb se ha a\u00f1adido a tu carrito\" role=\"button\">Buy now<\/a>\t<span id=\"woocommerce_loop_add_to_cart_link_describedby_2884\" class=\"screen-reader-text\">\n\t\t\t<\/span>\n\t\t\t<\/div><!-- \/.post_data -->\n\t\t<\/div><!-- \/.post_item -->\n\t\t<\/li>\n<li class=\"product type-product post-2873 status-publish first instock product_cat-marta-es product_cat-marta-do-cava-do-penedes-es product_cat-vi-blancs-es has-post-thumbnail shipping-taxable purchasable product-type-simple\">\n\t\t\t<div class=\"post_item post_layout_thumbs\">\n\t\t\t<div class=\"post_featured hover_shop\">\n\t\t\t\t<a href=\"https:\/\/www.ramoncanals.com\/es\/producte\/violet-2017\/\">\n\t\t<img loading=\"lazy\" decoding=\"async\" width=\"1013\" height=\"1350\" src=\"https:\/\/www.ramoncanals.com\/wp-content\/uploads\/2017\/10\/1-MARTA-VIOLET-ok.jpg\" class=\"attachment-woocommerce_thumbnail size-woocommerce_thumbnail\" alt=\"Marta Violet 2025 Ecol\u00f3gico y vegano\" \/>\t\t\t\t<\/a>\n\t\t\t\t<div class=\"mask\"><\/div>\n\t\t\t\t\t\t\t<div class=\"icons\">\n                <div class=\"test\">\n                    <a rel=\"nofollow\" href=\"\/es\/wp-json\/wp\/v2\/pages\/2738?add-to-cart=2873\" \n                                                            aria-hidden=\"true\" \n                                                            data-quantity=\"1\" \n                                                            data-product_id=\"2873\"\n                                                            data-product_sku=\"Violet_2024\"\n                                                            class=\"shop_cart icon-shopping-cart button add_to_cart_button product_type_simple ajax_add_to_cart\"><\/a>\n\t\t\t\t<a href=\"https:\/\/www.ramoncanals.com\/es\/producte\/violet-2017\/\" aria-hidden=\"true\" class=\"shop_link icon-link\"><\/a>\n                <\/div>\n\t\t\t<\/div>\n\t\t\t\t\t\t<\/div><!-- \/.post_featured -->\n\t\t\t<div class=\"post_data\">\n\t\t\t\t<div class=\"post_header entry-header\">\n\t\t\t\t<h2 class=\"woocommerce-loop-product__title\"><a href=\"https:\/\/www.ramoncanals.com\/es\/producte\/violet-2017\/\">Marta Violet 2025 Ecol\u00f3gico y vegano<\/a><\/h2>\t\t\t<\/div><!-- \/.post_header -->\n\t\t\n\t<span class=\"price\"><span class=\"woocommerce-Price-amount amount\"><bdi>10<span class=\"decimals\">00<\/span><span class=\"woocommerce-Price-currencySymbol\" translate=\"no\">&euro;<\/span><\/bdi><\/span><\/span>\n<a href=\"\/es\/wp-json\/wp\/v2\/pages\/2738?add-to-cart=2873\" aria-describedby=\"woocommerce_loop_add_to_cart_link_describedby_2873\" data-quantity=\"1\" class=\"button product_type_simple add_to_cart_button ajax_add_to_cart\" data-product_id=\"2873\" data-product_sku=\"Violet_2024\" aria-label=\"A\u00f1adir al carrito: &ldquo;Marta Violet 2025 Ecol\u00f3gico y vegano&rdquo;\" rel=\"nofollow\" data-success_message=\"\u00abMarta Violet 2025 Ecol\u00f3gico y vegano\u00bb se ha a\u00f1adido a tu carrito\" role=\"button\">Buy now<\/a>\t<span id=\"woocommerce_loop_add_to_cart_link_describedby_2873\" class=\"screen-reader-text\">\n\t\t\t<\/span>\n\t\t\t<\/div><!-- \/.post_data -->\n\t\t<\/div><!-- \/.post_item -->\n\t\t<\/li>\n<li class=\"product type-product post-2870 status-publish last instock product_cat-cava-gran-reserva-caves-brut-es product_cat-caves-brut-nature-es product_cat-ramon-canals-es product_cat-ramon-canals-do-cava-do-penedes-es has-post-thumbnail shipping-taxable purchasable product-type-simple\">\n\t\t\t<div class=\"post_item post_layout_thumbs\">\n\t\t\t<div class=\"post_featured hover_shop\">\n\t\t\t\t<a href=\"https:\/\/www.ramoncanals.com\/es\/producte\/cava-ramon-canals-reserva-numerada-2014-brut-nature\/\">\n\t\t<img loading=\"lazy\" decoding=\"async\" width=\"1013\" height=\"1350\" src=\"https:\/\/www.ramoncanals.com\/wp-content\/uploads\/2018\/02\/RAMON-CANALS-RESERVA-NUMERADA-VINTAGE-2015-SEC.jpg\" class=\"attachment-woocommerce_thumbnail size-woocommerce_thumbnail\" alt=\"Ramon Canals Reserva Numerada Ecol\u00f3gico 2023\" \/>\t\t\t\t<\/a>\n\t\t\t\t<div class=\"mask\"><\/div>\n\t\t\t\t\t\t\t<div class=\"icons\">\n                <div class=\"test\">\n                    <a rel=\"nofollow\" href=\"\/es\/wp-json\/wp\/v2\/pages\/2738?add-to-cart=2870\" \n                                                            aria-hidden=\"true\" \n                                                            data-quantity=\"1\" \n                                                            data-product_id=\"2870\"\n                                                            data-product_sku=\"RaResNum\"\n                                                            class=\"shop_cart icon-shopping-cart button add_to_cart_button product_type_simple ajax_add_to_cart\"><\/a>\n\t\t\t\t<a href=\"https:\/\/www.ramoncanals.com\/es\/producte\/cava-ramon-canals-reserva-numerada-2014-brut-nature\/\" aria-hidden=\"true\" class=\"shop_link icon-link\"><\/a>\n                <\/div>\n\t\t\t<\/div>\n\t\t\t\t\t\t<\/div><!-- \/.post_featured -->\n\t\t\t<div class=\"post_data\">\n\t\t\t\t<div class=\"post_header entry-header\">\n\t\t\t\t<h2 class=\"woocommerce-loop-product__title\"><a href=\"https:\/\/www.ramoncanals.com\/es\/producte\/cava-ramon-canals-reserva-numerada-2014-brut-nature\/\">Ramon Canals Reserva Numerada Ecol\u00f3gico 2023<\/a><\/h2>\t\t\t<\/div><!-- \/.post_header -->\n\t\t\n\t<span class=\"price\"><span class=\"woocommerce-Price-amount amount\"><bdi>30<span class=\"decimals\">00<\/span><span class=\"woocommerce-Price-currencySymbol\" translate=\"no\">&euro;<\/span><\/bdi><\/span><\/span>\n<a href=\"\/es\/wp-json\/wp\/v2\/pages\/2738?add-to-cart=2870\" aria-describedby=\"woocommerce_loop_add_to_cart_link_describedby_2870\" data-quantity=\"1\" class=\"button product_type_simple add_to_cart_button ajax_add_to_cart\" data-product_id=\"2870\" data-product_sku=\"RaResNum\" aria-label=\"A\u00f1adir al carrito: &ldquo;Ramon Canals Reserva Numerada Ecol\u00f3gico 2023&rdquo;\" rel=\"nofollow\" data-success_message=\"\u00abRamon Canals Reserva Numerada Ecol\u00f3gico 2023\u00bb se ha a\u00f1adido a tu carrito\" role=\"button\">Buy now<\/a>\t<span id=\"woocommerce_loop_add_to_cart_link_describedby_2870\" class=\"screen-reader-text\">\n\t\t\t<\/span>\n\t\t\t<\/div><!-- \/.post_data -->\n\t\t<\/div><!-- \/.post_item -->\n\t\t<\/li>\n<\/ul>\n<\/div><\/div><\/div><!-- \/.sc_content -->[\/vc_column][\/vc_row][vc_row full_width=\u00bbstretch_row_content_no_spaces\u00bb full_height=\u00bbyes\u00bb columns_placement=\u00bbstretch\u00bb content_placement=\u00bbmiddle\u00bb css=\u00bb.vc_custom_1466087475749{background-color: #ffffff !important;}\u00bb][vc_column]\n<div\n\t\tclass=\"sc_promo sc_promo_default sc_promo_size_large\"\n\t>\n\t\n\t\t<div\n\t\t\tclass=\"sc_promo_image\"\n\t\t\tstyle=\"background-image:url(https:\/\/www.ramoncanals.com\/wp-content\/uploads\/2017\/09\/RAMON-CANALS-CANALS-021.jpg);width:50%;left:0;\"\n\t\t><\/div>\n\n\t\n\t\n\t\n\t\t<div\n\t\t\tclass=\"sc_promo_text trx_addons_stretch_height\"\n\t\t\tstyle=\"width:50%;float:right;\"\n\t\t>\n\t\t\t<div\n\t\t\t\tclass=\"sc_promo_text_inner sc_align_center\"\n\t\t\t\tstyle=\"\"\n\t\t\t>\n\t\t\t\t\n\t\t\t\t<h2 class=\"sc_item_title sc_promo_title\">MUSEO DEL VINO Y DEL CAVA: 6.000 a\u00f1os de historia del vino reunidos en un solo lugar.<\/h2><div class=\"sc_item_descr sc_promo_descr\">El Museo del vino y del cava Ramon Canals es uno de los mejores museos del vino privados de Europa. En una superficie de 850m2 se encuentran expuestas m\u00e1s de 5000 piezas del mundo de la vi\u00f1a, del vino y del cava desde el siglo IV hasta el siglo XX: sarc\u00f3fago egipcio, cr\u00e1teras griegas, \u00e1nforas romanas, barricas de barco, una amplia colecci\u00f3n de prensas de uno y dos caracoles de madera, copas de cristal de Murano de medianos del siglo XIX, porrones y botellas de vidrio catal\u00e1n, microscopios, libros de enolog\u00eda, destiladores de cobre y muchos otros utensilios que ilustran la larga tradici\u00f3n vitivin\u00edcola de Catalu\u00f1a.<\/p>\n<p>Las diversas colecciones est\u00e1n agrupadas en 3 salas tem\u00e1ticas: Sala del Vidrio, Sala de Viticultura, Sala de Enolog\u00eda y Biblioteca.<\/div>\n\t\t\t\t\n\t\t\t\t<div class=\"sc_item_button sc_promo_button sc_button_wrap\"><a href=\"https:\/\/www.ramoncanals.com\/museu\/\"\n\t \n\tclass=\"sc_button sc_button_simple sc_button_size_normal sc_button_icon_top\"\n\t\t><span class=\"sc_button_icon\"><span class=\"icon-down-big\"><\/span><\/span><span class=\"sc_button_text\"><span class=\"sc_button_title\">VISITA EL MUSEO<\/span><\/span><!-- \/.sc_button_text --><\/a><!-- \/.sc_button --><\/div><!-- \/.sc_item_button sc_promo_button -->\t\t\t<\/div>\n\t\t<\/div>\n\n\t\n\t<\/div>[\/vc_column][\/vc_row][vc_row full_width=\u00bbstretch_row_content_no_spaces\u00bb full_height=\u00bbyes\u00bb columns_placement=\u00bbstretch\u00bb content_placement=\u00bbmiddle\u00bb][vc_column css=\u00bb.vc_custom_1465806595697{background-position: center !important;background-repeat: no-repeat !important;background-size: cover !important;}\u00bb]\n<div\n\t\tclass=\"sc_promo sc_promo_default sc_promo_size_large\"\n\t>\n\t\n\t\t<div\n\t\t\tclass=\"sc_promo_image\"\n\t\t\tstyle=\"background-image:url(https:\/\/www.ramoncanals.com\/wp-content\/uploads\/2025\/11\/ENTRADA-NADAL-2.jpg);width:50%;right:0;\"\n\t\t><\/div>\n\n\t\n\t\n\t\n\t\t<div\n\t\t\tclass=\"sc_promo_text trx_addons_stretch_height\"\n\t\t\tstyle=\"width:50%;float:left;\"\n\t\t>\n\t\t\t<div\n\t\t\t\tclass=\"sc_promo_text_inner sc_align_center\"\n\t\t\t\tstyle=\"\"\n\t\t\t>\n\t\t\t\t\n\t\t\t\t<h2 class=\"sc_item_title sc_promo_title\">EMPRESA FAMILIAR<\/h2><div class=\"sc_item_descr sc_promo_descr\">La experiencia de tres generaciones, dedicadas a la elaboraci\u00f3n de vinos, ha dado lugar a unos cavas de gran paladar y complejidad y a un patrimonio cultural de m\u00e1s de 5000 piezas de museo relacionadas con el cultivo de la vi\u00f1a y a la elaboraci\u00f3n del vino y del cava.<br \/>\nDesde 1975, a\u00f1o de la fundaci\u00f3n de la bodega, RAMON CANALS ha evolucionado y se ha transformado en una empresa moderna que mantiene intactos sus principios: la Calidad en todos sus productos y un fuerte compromiso de divulgaci\u00f3n y promoci\u00f3n de la cultura del vino.<\/p>\n<p>Actualmente la empresa elabora cavas en la regi\u00f3n del Pened\u00e9s y vinos tranquilos en la DO Pened\u00e9s, DO Montsant y DOQ Priorat.<\/div>\n\t\t\t\t\n\t\t\t\t<div class=\"sc_item_button sc_promo_button sc_button_wrap\"><a href=\"https:\/\/www.ramoncanals.com\/about-us\/\"\n\t \n\tclass=\"sc_button sc_button_simple sc_button_size_normal sc_button_icon_top\"\n\t\t><span class=\"sc_button_icon\"><span class=\"icon-down-big\"><\/span><\/span><span class=\"sc_button_text\"><span class=\"sc_button_title\">HISTORIA DE LA BODEGA<\/span><\/span><!-- \/.sc_button_text --><\/a><!-- \/.sc_button --><\/div><!-- \/.sc_item_button sc_promo_button -->\t\t\t<\/div>\n\t\t<\/div>\n\n\t\n\t<\/div>[\/vc_column][\/vc_row][vc_row full_width=\u00bbstretch_row_content_no_spaces\u00bb full_height=\u00bbyes\u00bb columns_placement=\u00bbstretch\u00bb content_placement=\u00bbmiddle\u00bb][vc_column css=\u00bb.vc_custom_1465806595697{background-position: center !important;background-repeat: no-repeat !important;background-size: cover !important;}\u00bb]\n<div\n\t\tclass=\"sc_promo sc_promo_default sc_promo_size_large\"\n\t>\n\t\n\t\t<div\n\t\t\tclass=\"sc_promo_image\"\n\t\t\tstyle=\"background-image:url(https:\/\/www.ramoncanals.com\/wp-content\/uploads\/2026\/07\/DISPLAY-VIOLET-TARDOR-1.jpg);width:50%;left:0;\"\n\t\t><\/div>\n\n\t\n\t\n\t\n\t\t<div\n\t\t\tclass=\"sc_promo_text trx_addons_stretch_height\"\n\t\t\tstyle=\"width:50%;float:right;\"\n\t\t>\n\t\t\t<div\n\t\t\t\tclass=\"sc_promo_text_inner sc_align_center\"\n\t\t\t\tstyle=\"\"\n\t\t\t>\n\t\t\t\t\n\t\t\t\t<h2 class=\"sc_item_title sc_promo_title\">MARTA VIOLET<\/h2><div class=\"sc_item_descr sc_promo_descr\">Nuestra ic\u00f3nica botella violeta. Un vino ecol\u00f3gico que une elegancia, dise\u00f1o y la aut\u00e9ntica esencia del Pened\u00e9s.<\/div>\n\t\t\t\t\n\t\t\t\t<div class=\"sc_item_button sc_promo_button sc_button_wrap\"><a href=\"https:\/\/www.ramoncanals.com\/es\/producte\/violet-2017\/\"\n\t \n\tclass=\"sc_button sc_button_simple sc_button_size_normal sc_button_icon_top\"\n\t\t><span class=\"sc_button_icon\"><span class=\"icon-down-big\"><\/span><\/span><span class=\"sc_button_text\"><span class=\"sc_button_title\">Descubre Marta Violet<\/span><\/span><!-- \/.sc_button_text --><\/a><!-- \/.sc_button --><\/div><!-- \/.sc_item_button sc_promo_button -->\t\t\t<\/div>\n\t\t<\/div>\n\n\t\n\t<\/div>[\/vc_column][\/vc_row][vc_row full_width=\u00bbstretch_row_content_no_spaces\u00bb full_height=\u00bbyes\u00bb columns_placement=\u00bbstretch\u00bb content_placement=\u00bbmiddle\u00bb][vc_column css=\u00bb.vc_custom_1465806595697{background-position: center !important;background-repeat: no-repeat !important;background-size: cover !important;}\u00bb]\n<div\n\t\tclass=\"sc_promo sc_promo_default sc_promo_size_large\"\n\t>\n\t\n\t\t<div\n\t\t\tclass=\"sc_promo_image\"\n\t\t\tstyle=\"background-image:url(https:\/\/www.ramoncanals.com\/wp-content\/uploads\/2025\/11\/IWA2025ES-scaled.jpg);width:50%;right:0;\"\n\t\t><\/div>\n\n\t\n\t\n\t\n\t\t<div\n\t\t\tclass=\"sc_promo_text trx_addons_stretch_height\"\n\t\t\tstyle=\"width:50%;float:left;\"\n\t\t>\n\t\t\t<div\n\t\t\t\tclass=\"sc_promo_text_inner sc_align_center\"\n\t\t\t\tstyle=\"\"\n\t\t\t>\n\t\t\t\t\n\t\t\t\t<h2 class=\"sc_item_title sc_promo_title\">NOTICIAS<\/h2><div class=\"sc_item_descr sc_promo_descr\">Descubre las noticias, los reconocimientos y las novedades de nuestra empresa familiar Ramon Canals.<\/div>\n\t\t\t\t\n\t\t\t\t<div class=\"sc_item_button sc_promo_button sc_button_wrap\"><a href=\"https:\/\/www.ramoncanals.com\/noticies\/\"\n\t \n\tclass=\"sc_button sc_button_simple sc_button_size_normal sc_button_icon_top\"\n\t\t><span class=\"sc_button_icon\"><span class=\"icon-down-big\"><\/span><\/span><span class=\"sc_button_text\"><span class=\"sc_button_title\">NOTICIAS<\/span><\/span><!-- \/.sc_button_text --><\/a><!-- \/.sc_button --><\/div><!-- \/.sc_item_button sc_promo_button -->\t\t\t<\/div>\n\t\t<\/div>\n\n\t\n\t<\/div>[\/vc_column][\/vc_row][vc_row full_width=\u00bbstretch_row_content_no_spaces\u00bb content_placement=\u00bbmiddle\u00bb css=\u00bb.vc_custom_1508238976675{background-color: #ffffff !important;}\u00bb][vc_column width=\u00bb1\/2&#8243;][vc_raw_html]JTVCaW5zdGFncmFtJTIwZmVlZCUzRCUyMjM3OTQlMjIlNUQ=[\/vc_raw_html][\/vc_column][vc_column width=\u00bb1\/2&#8243;][vc_column_text css=\u00bb.vc_custom_1761999872149{margin-right: 10% !important;margin-left: 10% !important;}\u00bb]<\/p>\n<h2 style=\"text-align: center;\">GALERIA DE IMAGENES<\/h2>\n<p style=\"text-align: center; padding-left: 5%; padding-right: 5%;\">La experiencia de tres generaciones, dedicadas a la elaboraci\u00f3n de vinos, ha dado lugar a unos vinos y cavas de gran paladar y complejidad y a un patrimonio cultural de m\u00e1s de 5000 piezas de museo relacionadas con el cultivo de la vi\u00f1a y a la elaboraci\u00f3n del vino y del cava.<\/p>\n<p>[\/vc_column_text][\/vc_column][\/vc_row][vc_row full_width=\u00bbstretch_row_content_no_spaces\u00bb content_placement=\u00bbmiddle\u00bb css=\u00bb.vc_custom_1516480652064{background-image: url(https:\/\/www.ramoncanals.com\/wp-content\/uploads\/2016\/07\/ramon-canals.jpg?id=1678) !important;background-position: center !important;background-repeat: no-repeat !important;background-size: cover !important;}\u00bb][vc_column width=\u00bb1\/6&#8243;][\/vc_column][vc_column width=\u00bb2\/3&#8243; css=\u00bb.vc_custom_1466756857898{padding-top: 0px !important;padding-right: 8% !important;padding-left: 8% !important;background-color: #ffffff !important;}\u00bb][vc_empty_space height=\u00bb\u00bb alter_height=\u00bbmedium\u00bb hide_on_mobile=\u00bb\u00bb]\n<div\n\t\tclass=\"sc_promo sc_promo_default sc_promo_size_normal sc_promo_no_paddings sc_promo_no_image\"\n\tstyle=\".vc_custom_1784878740305{margin-top: -20px !important;}\">\n\t\n\t\n\t\n\t\t<div\n\t\t\tclass=\"sc_promo_text sc_float_center\"\n\t\t\tstyle=\"width:100%;\"\n\t\t>\n\t\t\t<div\n\t\t\t\tclass=\"sc_promo_text_inner sc_align_center\"\n\t\t\t\tstyle=\"\"\n\t\t\t>\n\t\t\t\t\n\t\t\t\t<h2 class=\"sc_item_title sc_promo_title\">VIS\u00cdTANOS<\/h2><h5 class=\"sc_item_subtitle sc_promo_subtitle\">Las visitas a la Bodega y al Museo del vino y del cava Ramon Canals se realizan con reserva previa los fines de semana a las 11:30h. DURANTE EL MES DE AGOSTO NO SE REALIZAN VISITAS POR DESCANSO DE VERANO.<\/h5>\n\t\t\t\t\n\t\t\t\t\t<div class=\"sc_promo_content sc_item_content\">\n\t\t\t\t\t\t[vc_column_text]<em><strong>Direcci\u00f3n:<\/strong><\/em><br \/>\nAvinguda de la Mare de D\u00e9u de Montserrat, 9, 08769 Castellv\u00ed de Rosanes, Barcelona<\/p>\n<p><em><strong>Tel\u00e9fono:<\/strong><\/em><br \/>\n+34 93 775 54 46<\/p>\n<p><em><strong>E-mail:<\/strong><\/em><br \/>\n<a href=\"mailto:info@ramoncanals.com\">info@ramoncanals.com<\/a><\/p>\n<p><span style=\"color: #000000;\"><em><strong>\u2022 HORARIO DE LA TIENDA DE LA BODEGA \u2022<br \/>\nFINES DE SEMANA DEL MES DE AGOSTO CERRADO<br \/>\n<\/strong><\/em><\/span><em>Lunes, martes, mi\u00e9rcoles y jueves<\/em>:<br \/>\n9:00 &#8211; 14:00h.<br \/>\n15:00 &#8211; 18:00h.<\/p>\n<p><em>Viernes, s\u00e1bados y domingos excepto mes de agosto\u00a0<\/em><br \/>\n10:00 &#8211; 14:00h.<\/p>\n<p>Pod\u00e9is hacer tambi\u00e9n la compra online en <a href=\"https:\/\/www.ramoncanals.com\/es\/es-2\/\">www.ramoncanals.com\/tienda<\/a><\/p>\n<p><span style=\"color: #000000;\"><em><strong>\u2022 VISITAS A LA BODEGA Y AL MUSEO DEL VINO Y DEL CAVA RAMON CANALS CON DEGUSTACI\u00d3N \u2022<br \/>\nDURANTE EL MES DE AGOSTO NO SE REALIZAN VISITAS POR DESCANSO DE VERANO.<br \/>\n<\/strong><\/em><\/span>Horario de las visitas: s\u00e1bados y domingos a las 11:30h con cita previa.<br \/>\nDuraci\u00f3n de la visita: 2:30 horas.<br \/>\nPrecio: 15 \u20ac \/ persona.<br \/>\n<a href=\"https:\/\/www.ramoncanals.com\/tienda\/producte\/visita-el-celler-i-museu-del-vi-i-del-cava-ramon-canals\/\">Comprar entradas<\/a><\/p>\n<p><em><strong><span style=\"color: #000000;\">\u2022 RESERVA DE VISITAS A LA BODEGA Y AL MUSEO DEL VINO Y DEL CAVA RAMON CANALS \u2022<br \/>\nDURANTE EL MES DE AGOSTO NO SE REALIZAN VISITAS POR DESCANSO DE VERANO.<br \/>\n<\/span><\/strong><\/em>Por tel\u00e9fono 93 775 54 46, por mail a info@ramoncanals.com o mediante el <a href=\"https:\/\/www.ramoncanals.com\/es\/contacts-2\/\">formulario de reservas<\/a>.[\/vc_column_text]\t\t\t\t\t<\/div>\n\n\t\t\t\t\n\t\t\t\t\t\t\t<\/div>\n\t\t<\/div>\n\n\t\n\t<\/div>[vc_empty_space height=\u00bb\u00bb alter_height=\u00bbmedium\u00bb hide_on_mobile=\u00bb\u00bb][\/vc_column][vc_column width=\u00bb1\/6&#8243;][\/vc_column][\/vc_row]<\/p>\n<\/div>","protected":false},"excerpt":{"rendered":"<p>[vc_row full_width=\u00bbstretch_row_content_no_spaces\u00bb full_height=\u00bbyes\u00bb content_placement=\u00bbmiddle\u00bb bg_type=\u00bbbg_color\u00bb bg_override=\u00bbfull\u00bb css=\u00bb.vc_custom_1784704057338{padding-top: 245px !important;padding-bottom: 245px !important;background-image: url(https:\/\/www.ramoncanals.com\/wp-content\/uploads\/2025\/07\/marta_violet_estiu_2024_02_low_res.jpg?id=121901) !important;background-position: center !important;background-repeat: no-repeat !important;background-size: cover !important;}\u00bb bg_color_value=\u00bb#00000000&#8243;][vc_column width=\u00bb1\/4&#8243;][\/vc_column][vc_column width=\u00bb1\/2&#8243;][vc_empty_space height=\u00bb\u00bb alter_height=\u00bbhuge\u00bb hide_on_mobile=\u00bb\u00bb][vc_empty_space height=\u00bb\u00bb alter_height=\u00bbhuge\u00bb hide_on_mobile=\u00bb\u00bb][vc_column_text css=\u00bb.vc_custom_1784704456731{margin-right: 3em !important;margin-left: 3em !important;}\u00bb] LA FAMILIA CANALS CANALS LES DA LA BIENVENIDA A NUESTRAS BODEGAS Y AL MUSEO DEL VINO RAM\u00d3N CANALS, DONDE PODR\u00c1N DESCUBRIR NUESTRA HISTORIA Y PASI\u00d3N POR EL&hellip;<\/p>\n","protected":false},"author":1,"featured_media":0,"parent":0,"menu_order":0,"comment_status":"closed","ping_status":"closed","template":"","meta":{"footnotes":""},"class_list":["post-2738","page","type-page","status-publish","hentry"],"yoast_head":"<!-- This site is optimized with the Yoast SEO plugin v28.2 - https:\/\/yoast.com\/product\/yoast-seo-wordpress\/ -->\n<title>Ramon Canals | Premium Cavas y Vinos<\/title>\n<meta name=\"description\" content=\"La familia Canals Canals os damos la bienvenida a nuestras bodegas y a nuestro museo del vino y del cava Ramon Canals, el mejor y \u00fanico museo del vino privado de Catalunya\" \/>\n<meta name=\"robots\" content=\"index, follow, max-snippet:-1, max-image-preview:large, max-video-preview:-1\" \/>\n<link rel=\"canonical\" href=\"https:\/\/www.ramoncanals.com\/es\/\" \/>\n<meta property=\"og:locale\" content=\"es_ES\" \/>\n<meta property=\"og:type\" content=\"article\" \/>\n<meta property=\"og:title\" content=\"Ramon Canals | Premium Cavas y Vinos\" \/>\n<meta property=\"og:description\" content=\"La familia Canals Canals os damos la bienvenida a nuestras bodegas y a nuestro museo del vino y del cava Ramon Canals, el mejor y \u00fanico museo del vino privado de Catalunya\" \/>\n<meta property=\"og:url\" content=\"https:\/\/www.ramoncanals.com\/es\/\" \/>\n<meta property=\"og:site_name\" content=\"RAMON CANALS\" \/>\n<meta property=\"article:modified_time\" content=\"2026-07-24T07:39:01+00:00\" \/>\n<meta name=\"twitter:card\" content=\"summary_large_image\" \/>\n<meta name=\"twitter:label1\" content=\"Tiempo de lectura\" \/>\n\t<meta name=\"twitter:data1\" content=\"3 minutos\" \/>\n<script type=\"application\/ld+json\" class=\"yoast-schema-graph\">{\"@context\":\"https:\\\/\\\/schema.org\",\"@graph\":[{\"@type\":\"WebPage\",\"@id\":\"https:\\\/\\\/www.ramoncanals.com\\\/es\\\/\",\"url\":\"https:\\\/\\\/www.ramoncanals.com\\\/es\\\/\",\"name\":\"Ramon Canals | Premium Cavas y Vinos\",\"isPartOf\":{\"@id\":\"https:\\\/\\\/www.ramoncanals.com\\\/es\\\/#website\"},\"datePublished\":\"2016-07-21T07:16:04+00:00\",\"dateModified\":\"2026-07-24T07:39:01+00:00\",\"description\":\"La familia Canals Canals os damos la bienvenida a nuestras bodegas y a nuestro museo del vino y del cava Ramon Canals, el mejor y \u00fanico museo del vino privado de Catalunya\",\"breadcrumb\":{\"@id\":\"https:\\\/\\\/www.ramoncanals.com\\\/es\\\/#breadcrumb\"},\"inLanguage\":\"es\",\"potentialAction\":[{\"@type\":\"ReadAction\",\"target\":[\"https:\\\/\\\/www.ramoncanals.com\\\/es\\\/\"]}]},{\"@type\":\"BreadcrumbList\",\"@id\":\"https:\\\/\\\/www.ramoncanals.com\\\/es\\\/#breadcrumb\",\"itemListElement\":[{\"@type\":\"ListItem\",\"position\":1,\"name\":\"Inici\",\"item\":\"https:\\\/\\\/www.ramoncanals.com\\\/es\\\/\"},{\"@type\":\"ListItem\",\"position\":2,\"name\":\"Inicio\"}]},{\"@type\":\"WebSite\",\"@id\":\"https:\\\/\\\/www.ramoncanals.com\\\/es\\\/#website\",\"url\":\"https:\\\/\\\/www.ramoncanals.com\\\/es\\\/\",\"name\":\"RAMON CANALS\",\"description\":\"PREMIUM CAVA\",\"potentialAction\":[{\"@type\":\"SearchAction\",\"target\":{\"@type\":\"EntryPoint\",\"urlTemplate\":\"https:\\\/\\\/www.ramoncanals.com\\\/es\\\/?s={search_term_string}\"},\"query-input\":{\"@type\":\"PropertyValueSpecification\",\"valueRequired\":true,\"valueName\":\"search_term_string\"}}],\"inLanguage\":\"es\"}]}<\/script>\n<!-- \/ Yoast SEO plugin. -->","yoast_head_json":{"title":"Ramon Canals | Premium Cavas y Vinos","description":"La familia Canals Canals os damos la bienvenida a nuestras bodegas y a nuestro museo del vino y del cava Ramon Canals, el mejor y \u00fanico museo del vino privado de Catalunya","robots":{"index":"index","follow":"follow","max-snippet":"max-snippet:-1","max-image-preview":"max-image-preview:large","max-video-preview":"max-video-preview:-1"},"canonical":"https:\/\/www.ramoncanals.com\/es\/","og_locale":"es_ES","og_type":"article","og_title":"Ramon Canals | Premium Cavas y Vinos","og_description":"La familia Canals Canals os damos la bienvenida a nuestras bodegas y a nuestro museo del vino y del cava Ramon Canals, el mejor y \u00fanico museo del vino privado de Catalunya","og_url":"https:\/\/www.ramoncanals.com\/es\/","og_site_name":"RAMON CANALS","article_modified_time":"2026-07-24T07:39:01+00:00","twitter_card":"summary_large_image","twitter_misc":{"Tiempo de lectura":"3 minutos"},"schema":{"@context":"https:\/\/schema.org","@graph":[{"@type":"WebPage","@id":"https:\/\/www.ramoncanals.com\/es\/","url":"https:\/\/www.ramoncanals.com\/es\/","name":"Ramon Canals | Premium Cavas y Vinos","isPartOf":{"@id":"https:\/\/www.ramoncanals.com\/es\/#website"},"datePublished":"2016-07-21T07:16:04+00:00","dateModified":"2026-07-24T07:39:01+00:00","description":"La familia Canals Canals os damos la bienvenida a nuestras bodegas y a nuestro museo del vino y del cava Ramon Canals, el mejor y \u00fanico museo del vino privado de Catalunya","breadcrumb":{"@id":"https:\/\/www.ramoncanals.com\/es\/#breadcrumb"},"inLanguage":"es","potentialAction":[{"@type":"ReadAction","target":["https:\/\/www.ramoncanals.com\/es\/"]}]},{"@type":"BreadcrumbList","@id":"https:\/\/www.ramoncanals.com\/es\/#breadcrumb","itemListElement":[{"@type":"ListItem","position":1,"name":"Inici","item":"https:\/\/www.ramoncanals.com\/es\/"},{"@type":"ListItem","position":2,"name":"Inicio"}]},{"@type":"WebSite","@id":"https:\/\/www.ramoncanals.com\/es\/#website","url":"https:\/\/www.ramoncanals.com\/es\/","name":"RAMON CANALS","description":"PREMIUM CAVA","potentialAction":[{"@type":"SearchAction","target":{"@type":"EntryPoint","urlTemplate":"https:\/\/www.ramoncanals.com\/es\/?s={search_term_string}"},"query-input":{"@type":"PropertyValueSpecification","valueRequired":true,"valueName":"search_term_string"}}],"inLanguage":"es"}]}},"_links":{"self":[{"href":"https:\/\/www.ramoncanals.com\/es\/wp-json\/wp\/v2\/pages\/2738","targetHints":{"allow":["GET"]}}],"collection":[{"href":"https:\/\/www.ramoncanals.com\/es\/wp-json\/wp\/v2\/pages"}],"about":[{"href":"https:\/\/www.ramoncanals.com\/es\/wp-json\/wp\/v2\/types\/page"}],"author":[{"embeddable":true,"href":"https:\/\/www.ramoncanals.com\/es\/wp-json\/wp\/v2\/users\/1"}],"replies":[{"embeddable":true,"href":"https:\/\/www.ramoncanals.com\/es\/wp-json\/wp\/v2\/comments?post=2738"}],"version-history":[{"count":78,"href":"https:\/\/www.ramoncanals.com\/es\/wp-json\/wp\/v2\/pages\/2738\/revisions"}],"predecessor-version":[{"id":123727,"href":"https:\/\/www.ramoncanals.com\/es\/wp-json\/wp\/v2\/pages\/2738\/revisions\/123727"}],"wp:attachment":[{"href":"https:\/\/www.ramoncanals.com\/es\/wp-json\/wp\/v2\/media?parent=2738"}],"curies":[{"name":"wp","href":"https:\/\/api.w.org\/{rel}","templated":true}]}}